{"id":46,"date":"2026-09-02T01:56:04","date_gmt":"2026-09-01T23:56:04","guid":{"rendered":"https:\/\/ingenieria.udd.cl\/cisger\/?post_type=person&#038;p=46"},"modified":"2026-09-02T06:13:57","modified_gmt":"2026-09-02T04:13:57","slug":"fernanda-espinola-berrios","status":"publish","type":"person","link":"https:\/\/ingenieria.udd.cl\/cisger\/persona\/fernanda-espinola-berrios\/","featured_media":137,"template":"","people_tax":[4],"people_areas":[],"people_levels":[],"class_list":["post-46","person","type-person","status-publish","has-post-thumbnail","hentry","people_tax-investigadores-cisger"],"yoast_head":"<!-- This site is optimized with the Yoast SEO plugin v26.9 - https:\/\/yoast.com\/product\/yoast-seo-wordpress\/ -->\n<title>Fernanda Esp\u00ednola Berr\u00edos - Centro de Investigaci\u00f3n en Sustentabilidad y Gesti\u00f3n Estrat\u00e9gica<\/title>\n<meta name=\"robots\" content=\"index, follow, max-snippet:-1, max-image-preview:large, max-video-preview:-1\" \/>\n<link rel=\"canonical\" href=\"https:\/\/ingenieria.udd.cl\/cisger\/persona\/fernanda-espinola-berrios\/\" \/>\n<meta property=\"og:locale\" content=\"es_ES\" \/>\n<meta property=\"og:type\" content=\"article\" \/>\n<meta property=\"og:title\" content=\"Fernanda Esp\u00ednola Berr\u00edos - Centro de Investigaci\u00f3n en Sustentabilidad y Gesti\u00f3n Estrat\u00e9gica\" \/>\n<meta property=\"og:url\" content=\"https:\/\/ingenieria.udd.cl\/cisger\/persona\/fernanda-espinola-berrios\/\" \/>\n<meta property=\"og:site_name\" content=\"Centro de Investigaci\u00f3n en Sustentabilidad y Gesti\u00f3n Estrat\u00e9gica\" \/>\n<meta property=\"article:modified_time\" content=\"2026-09-02T04:13:57+00:00\" \/>\n<meta property=\"og:image\" content=\"http:\/\/ingenieria.udd.cl\/cisger\/files\/2026\/09\/fernanda-espinola-berrios.jpeg\" \/>\n\t<meta property=\"og:image:width\" content=\"1199\" \/>\n\t<meta property=\"og:image:height\" content=\"1128\" \/>\n\t<meta property=\"og:image:type\" content=\"image\/jpeg\" \/>\n<meta name=\"twitter:card\" content=\"summary_large_image\" \/>\n<meta name=\"twitter:label1\" content=\"Tiempo de lectura\" \/>\n\t<meta name=\"twitter:data1\" content=\"1 minuto\" \/>\n<script type=\"application\/ld+json\" class=\"yoast-schema-graph\">{\"@context\":\"https:\/\/schema.org\",\"@graph\":[{\"@type\":\"WebPage\",\"@id\":\"https:\/\/ingenieria.udd.cl\/cisger\/persona\/fernanda-espinola-berrios\/\",\"url\":\"https:\/\/ingenieria.udd.cl\/cisger\/persona\/fernanda-espinola-berrios\/\",\"name\":\"Fernanda Esp\u00ednola Berr\u00edos - Centro de Investigaci\u00f3n en Sustentabilidad y Gesti\u00f3n Estrat\u00e9gica\",\"isPartOf\":{\"@id\":\"https:\/\/ingenieria.udd.cl\/cisger\/#website\"},\"primaryImageOfPage\":{\"@id\":\"https:\/\/ingenieria.udd.cl\/cisger\/persona\/fernanda-espinola-berrios\/#primaryimage\"},\"image\":{\"@id\":\"https:\/\/ingenieria.udd.cl\/cisger\/persona\/fernanda-espinola-berrios\/#primaryimage\"},\"thumbnailUrl\":\"https:\/\/ingenieria.udd.cl\/cisger\/files\/2026\/09\/fernanda-espinola-berrios.jpeg\",\"datePublished\":\"2026-09-01T23:56:04+00:00\",\"dateModified\":\"2026-09-02T04:13:57+00:00\",\"breadcrumb\":{\"@id\":\"https:\/\/ingenieria.udd.cl\/cisger\/persona\/fernanda-espinola-berrios\/#breadcrumb\"},\"inLanguage\":\"es\",\"potentialAction\":[{\"@type\":\"ReadAction\",\"target\":[\"https:\/\/ingenieria.udd.cl\/cisger\/persona\/fernanda-espinola-berrios\/\"]}]},{\"@type\":\"ImageObject\",\"inLanguage\":\"es\",\"@id\":\"https:\/\/ingenieria.udd.cl\/cisger\/persona\/fernanda-espinola-berrios\/#primaryimage\",\"url\":\"https:\/\/ingenieria.udd.cl\/cisger\/files\/2026\/09\/fernanda-espinola-berrios.jpeg\",\"contentUrl\":\"https:\/\/ingenieria.udd.cl\/cisger\/files\/2026\/09\/fernanda-espinola-berrios.jpeg\",\"width\":1199,\"height\":1128},{\"@type\":\"BreadcrumbList\",\"@id\":\"https:\/\/ingenieria.udd.cl\/cisger\/persona\/fernanda-espinola-berrios\/#breadcrumb\",\"itemListElement\":[{\"@type\":\"ListItem\",\"position\":1,\"name\":\"Portada\",\"item\":\"https:\/\/ingenieria.udd.cl\/cisger\/\"},{\"@type\":\"ListItem\",\"position\":2,\"name\":\"Personas\",\"item\":\"https:\/\/ingenieria.udd.cl\/cisger\/persona\/\"},{\"@type\":\"ListItem\",\"position\":3,\"name\":\"Fernanda Esp\u00ednola Berr\u00edos\"}]},{\"@type\":\"WebSite\",\"@id\":\"https:\/\/ingenieria.udd.cl\/cisger\/#website\",\"url\":\"https:\/\/ingenieria.udd.cl\/cisger\/\",\"name\":\"Centro de Investigaci\u00f3n en Sustentabilidad y Gesti\u00f3n Estrat\u00e9gica\",\"description\":\"\",\"inLanguage\":\"es\"}]}<\/script>\n<!-- \/ Yoast SEO plugin. -->","yoast_head_json":{"title":"Fernanda Esp\u00ednola Berr\u00edos - Centro de Investigaci\u00f3n en Sustentabilidad y Gesti\u00f3n Estrat\u00e9gica","robots":{"index":"index","follow":"follow","max-snippet":"max-snippet:-1","max-image-preview":"max-image-preview:large","max-video-preview":"max-video-preview:-1"},"canonical":"https:\/\/ingenieria.udd.cl\/cisger\/persona\/fernanda-espinola-berrios\/","og_locale":"es_ES","og_type":"article","og_title":"Fernanda Esp\u00ednola Berr\u00edos - Centro de Investigaci\u00f3n en Sustentabilidad y Gesti\u00f3n Estrat\u00e9gica","og_url":"https:\/\/ingenieria.udd.cl\/cisger\/persona\/fernanda-espinola-berrios\/","og_site_name":"Centro de Investigaci\u00f3n en Sustentabilidad y Gesti\u00f3n Estrat\u00e9gica","article_modified_time":"2026-09-02T04:13:57+00:00","og_image":[{"width":1199,"height":1128,"url":"http:\/\/ingenieria.udd.cl\/cisger\/files\/2026\/09\/fernanda-espinola-berrios.jpeg","type":"image\/jpeg"}],"twitter_card":"summary_large_image","twitter_misc":{"Tiempo de lectura":"1 minuto"},"schema":{"@context":"https:\/\/schema.org","@graph":[{"@type":"WebPage","@id":"https:\/\/ingenieria.udd.cl\/cisger\/persona\/fernanda-espinola-berrios\/","url":"https:\/\/ingenieria.udd.cl\/cisger\/persona\/fernanda-espinola-berrios\/","name":"Fernanda Esp\u00ednola Berr\u00edos - Centro de Investigaci\u00f3n en Sustentabilidad y Gesti\u00f3n Estrat\u00e9gica","isPartOf":{"@id":"https:\/\/ingenieria.udd.cl\/cisger\/#website"},"primaryImageOfPage":{"@id":"https:\/\/ingenieria.udd.cl\/cisger\/persona\/fernanda-espinola-berrios\/#primaryimage"},"image":{"@id":"https:\/\/ingenieria.udd.cl\/cisger\/persona\/fernanda-espinola-berrios\/#primaryimage"},"thumbnailUrl":"https:\/\/ingenieria.udd.cl\/cisger\/files\/2026\/09\/fernanda-espinola-berrios.jpeg","datePublished":"2026-09-01T23:56:04+00:00","dateModified":"2026-09-02T04:13:57+00:00","breadcrumb":{"@id":"https:\/\/ingenieria.udd.cl\/cisger\/persona\/fernanda-espinola-berrios\/#breadcrumb"},"inLanguage":"es","potentialAction":[{"@type":"ReadAction","target":["https:\/\/ingenieria.udd.cl\/cisger\/persona\/fernanda-espinola-berrios\/"]}]},{"@type":"ImageObject","inLanguage":"es","@id":"https:\/\/ingenieria.udd.cl\/cisger\/persona\/fernanda-espinola-berrios\/#primaryimage","url":"https:\/\/ingenieria.udd.cl\/cisger\/files\/2026\/09\/fernanda-espinola-berrios.jpeg","contentUrl":"https:\/\/ingenieria.udd.cl\/cisger\/files\/2026\/09\/fernanda-espinola-berrios.jpeg","width":1199,"height":1128},{"@type":"BreadcrumbList","@id":"https:\/\/ingenieria.udd.cl\/cisger\/persona\/fernanda-espinola-berrios\/#breadcrumb","itemListElement":[{"@type":"ListItem","position":1,"name":"Portada","item":"https:\/\/ingenieria.udd.cl\/cisger\/"},{"@type":"ListItem","position":2,"name":"Personas","item":"https:\/\/ingenieria.udd.cl\/cisger\/persona\/"},{"@type":"ListItem","position":3,"name":"Fernanda Esp\u00ednola Berr\u00edos"}]},{"@type":"WebSite","@id":"https:\/\/ingenieria.udd.cl\/cisger\/#website","url":"https:\/\/ingenieria.udd.cl\/cisger\/","name":"Centro de Investigaci\u00f3n en Sustentabilidad y Gesti\u00f3n Estrat\u00e9gica","description":"","inLanguage":"es"}]}},"label":"Fernanda Esp\u00ednola Berr\u00edos","title":{"rendered":"Fernanda Esp\u00ednola Berr\u00edos"},"role":"Investigadora | Transiciones socioambientales, miner\u00eda y territorio","thumbnail_url":"https:\/\/ingenieria.udd.cl\/cisger\/files\/2026\/09\/fernanda-espinola-berrios-500x500.jpeg","email":"","tel_job":"","content":{"rendered":"<div class=\"person-modal person-modal--scl\">\n\t<header class=\"person-modal__header\">\n\t\t<div class=\"person-modal__bg\"><\/div>\n\t\t<div class=\"modal-container\">\n\t\t\t\t\t\t<div class=\"person-modal__media\">\n\t\t\t\t<img width=\"500\" height=\"500\" src=\"https:\/\/ingenieria.udd.cl\/cisger\/files\/2026\/09\/fernanda-espinola-berrios-62x62.jpeg\" class=\"person-modal__image wp-post-image lazyload\" alt=\"\" decoding=\"async\" loading=\"lazy\" sizes=\"auto, (max-width: 500px) 100vw, 500px\" data-src=\"https:\/\/ingenieria.udd.cl\/cisger\/files\/2026\/09\/fernanda-espinola-berrios-500x500.jpeg\" data-srcset=\"https:\/\/ingenieria.udd.cl\/cisger\/files\/2026\/09\/fernanda-espinola-berrios-500x500.jpeg 500w, https:\/\/ingenieria.udd.cl\/cisger\/files\/2026\/09\/fernanda-espinola-berrios-150x150.jpeg 150w, https:\/\/ingenieria.udd.cl\/cisger\/files\/2026\/09\/fernanda-espinola-berrios-62x62.jpeg 62w, https:\/\/ingenieria.udd.cl\/cisger\/files\/2026\/09\/fernanda-espinola-berrios-750x750.jpeg 750w, https:\/\/ingenieria.udd.cl\/cisger\/files\/2026\/09\/fernanda-espinola-berrios-250x250.jpeg 250w, https:\/\/ingenieria.udd.cl\/cisger\/files\/2026\/09\/fernanda-espinola-berrios-126x126.jpeg 126w\" \/>\t\t\t<\/div>\n\t\t\t\t\t\t<div class=\"person-modal__data\">\n\t\t\t\t<h1 class=\"person-modal__name\">Fernanda Esp\u00ednola Berr\u00edos<\/h1>\n\t\t\t\t\t\t\t<span class=\"person-modal__description\">Investigadora | Transiciones socioambientales, miner\u00eda y territorio<\/span>\n\t\t\t\t\t\t\t\t\t\t\t\t\t\t\t<\/div>\n\t\t<\/div>\n\t<\/header>\n\t<div class=\"modal-container\">\n\t\t\t<nav class=\"person-modal__links\">\n\t\t\t\t\t<a target=\"_blank\" href=\"https:\/\/scholar.google.com\/scholar?q=%22Fernanda+Esp%C3%ADnola+Berr%C3%ADos%22\">Google Scholar<\/a>\n\t\t\t\t\t<a target=\"_blank\" href=\"https:\/\/cl.linkedin.com\/in\/fernanda-esp%C3%ADnola-berr%C3%ADos-a3bba21b5\">LinkedIn<\/a>\n\t\t\t\t\t<a target=\"_blank\" href=\"https:\/\/orcid.org\/0000-0003-4363-2350\">ORCID<\/a>\n\t\t\t\t<\/nav>\n\t\t\t<div class=\"person-modal__content text\">\n\t\t\t\t\t<p>Investigadora incorporada a CiSGER para fortalecer la dimensi\u00f3n social y territorial del Centro. En la arquitectura cient\u00edfica 2026-2030 es uno de los anclajes de la l\u00ednea de Transiciones socioambientales, miner\u00eda, energ\u00eda y territorio, y forma parte del Climate, Policy & Impact Hub. Su contribuci\u00f3n se orienta especialmente a gobernanza territorial, conflictos socioambientales, miner\u00eda, justicia y transiciones productivas, conectando estos procesos con pol\u00edtica p\u00fablica, circularidad y transformaci\u00f3n de sistemas productivos.<\/p>\n<p>L\u00edneas CiSGER: Principal L3 (Transiciones socioambientales, miner\u00eda, energ\u00eda y territorio). Complementaria: L4.<\/p>\n<p>Publicaciones seleccionadas: en proceso de validaci\u00f3n con su CV actualizado; los antecedentes disponibles no permiten a\u00fan seleccionar publicaciones individuales con el rigor necesario para esta p\u00e1gina.<\/p>\n<p>Proyectos destacados:<br \/>\n- Participaci\u00f3n estrat\u00e9gica en la misi\u00f3n propuesta \"Transici\u00f3n minera, energ\u00e9tica y material justa\", junto con Alex Godoy-Fa\u00fandez y Cristi\u00e1n Ducoing Ruiz. Las misiones son una arquitectura program\u00e1tica del Plan 2026-2030 y no equivalen por s\u00ed mismas a proyectos adjudicados.<br \/>\n- Proyectos individuales por completar desde CV actualizado antes de publicaci\u00f3n institucional.<\/p>\n\t\t\t\t\t\t\t\t\t\t<p>Investigadora de CiSGER especializada en transiciones socioambientales, miner\u00eda, territorio y gobernanza. Su investigaci\u00f3n integra dimensiones ambientales, sociales y econ\u00f3micas en decisiones sobre minerales cr\u00edticos, transformaci\u00f3n productiva y transici\u00f3n justa.<\/p>\n<p><strong>L\u00edneas CiSGER:<\/strong> Principal L3 (Transiciones socioambientales, miner\u00eda, energ\u00eda y territorio). Complementaria: L4.<\/p>\n<p><strong>Publicaciones seleccionadas:<\/strong><\/p>\n<ul>\n<li>Esp\u00ednola, F., Orellana, L.F. &amp; Castillo, E. (2026). <a href=\"https:\/\/doi.org\/10.3390\/min16010098\">Can Deep-Sea Mining Contribute to the Supply of Critical Minerals Without Compromising Sustainability?<\/a> <em>Minerals<\/em>, 16, 98.<\/li>\n<li>Esp\u00ednola, F., Castillo, E. &amp; Orellana, L.F. (2025). <a href=\"https:\/\/doi.org\/10.3390\/mining5020036\">Bibliometric and PESTEL Analysis of Deep-Sea Mining: Trends and Challenges for Sustainable Development<\/a>. <em>Mining<\/em>, 5, 36.<\/li>\n<\/ul>\n<p><strong>Proyectos y contribuci\u00f3n:<\/strong> Participa en la misi\u00f3n CiSGER sobre transici\u00f3n minera, energ\u00e9tica y material justa, conectando ingenier\u00eda, evidencia ambiental, actores sociales y toma de decisiones.<\/p>\n<p><strong>Perfiles acad\u00e9micos:<\/strong> <a href=\"https:\/\/scholar.google.com\/scholar?q=%22Fernanda+Esp%C3%ADnola+Berr%C3%ADos%22\">Google Scholar<\/a> \u00b7 <a href=\"https:\/\/orcid.org\/0000-0003-4363-2350\">ORCID<\/a> \u00b7 <a href=\"https:\/\/cl.linkedin.com\/in\/fernanda-esp%C3%ADnola-berr%C3%ADos-a3bba21b5\">LinkedIn<\/a><\/p>\n\t\t<\/div>\n\t<\/div>\n<\/div>\n"},"identifier":"46f01ec78ae0d300be748acf53aab693ef16b77e","has_credential":[],"given_name":"Fernanda","family_name":"Esp\u00ednola Berr\u00edos","name":"Fernanda Esp\u00ednola Berr\u00edos","job_title":"Investigadora | Transiciones socioambientales, miner\u00eda y territorio","telephone":"","note":"Investigadora incorporada a CiSGER para fortalecer la dimensi\u00f3n social y territorial del Centro. En la arquitectura cient\u00edfica 2026-2030 es uno de los anclajes de la l\u00ednea de Transiciones socioambientales, miner\u00eda, energ\u00eda y territorio, y forma parte del Climate, Policy & Impact Hub. Su contribuci\u00f3n se orienta especialmente a gobernanza territorial, conflictos socioambientales, miner\u00eda, justicia y transiciones productivas, conectando estos procesos con pol\u00edtica p\u00fablica, circularidad y transformaci\u00f3n de sistemas productivos.\r\n\r\nL\u00edneas CiSGER: Principal L3 (Transiciones socioambientales, miner\u00eda, energ\u00eda y territorio). Complementaria: L4.\r\n\r\nPublicaciones seleccionadas: en proceso de validaci\u00f3n con su CV actualizado; los antecedentes disponibles no permiten a\u00fan seleccionar publicaciones individuales con el rigor necesario para esta p\u00e1gina.\r\n\r\nProyectos destacados:\r\n- Participaci\u00f3n estrat\u00e9gica en la misi\u00f3n propuesta \"Transici\u00f3n minera, energ\u00e9tica y material justa\", junto con Alex Godoy-Fa\u00fandez y Cristi\u00e1n Ducoing Ruiz. Las misiones son una arquitectura program\u00e1tica del Plan 2026-2030 y no equivalen por s\u00ed mismas a proyectos adjudicados.\r\n- Proyectos individuales por completar desde CV actualizado antes de publicaci\u00f3n institucional.","im":"","_self_schedule":null,"_links":{"self":[{"href":"https:\/\/ingenieria.udd.cl\/cisger\/wp-json\/wp\/v2\/people\/46","targetHints":{"allow":["GET"]}}],"collection":[{"href":"https:\/\/ingenieria.udd.cl\/cisger\/wp-json\/wp\/v2\/people"}],"about":[{"href":"https:\/\/ingenieria.udd.cl\/cisger\/wp-json\/wp\/v2\/types\/person"}],"wp:featuredmedia":[{"embeddable":true,"href":"https:\/\/ingenieria.udd.cl\/cisger\/wp-json\/wp\/v2\/media\/137"}],"wp:attachment":[{"href":"https:\/\/ingenieria.udd.cl\/cisger\/wp-json\/wp\/v2\/media?parent=46"}],"wp:term":[{"taxonomy":"people_tax","embeddable":true,"href":"https:\/\/ingenieria.udd.cl\/cisger\/wp-json\/wp\/v2\/people_tax?post=46"},{"taxonomy":"people_areas","embeddable":true,"href":"https:\/\/ingenieria.udd.cl\/cisger\/wp-json\/wp\/v2\/people_areas?post=46"},{"taxonomy":"people_levels","embeddable":true,"href":"https:\/\/ingenieria.udd.cl\/cisger\/wp-json\/wp\/v2\/people_levels?post=46"}],"curies":[{"name":"wp","href":"https:\/\/api.w.org\/{rel}","templated":true}]}}