{"id":51,"date":"2026-09-02T01:57:44","date_gmt":"2026-09-01T23:57:44","guid":{"rendered":"https:\/\/ingenieria.udd.cl\/cisger\/?post_type=person&#038;p=51"},"modified":"2026-09-02T04:31:52","modified_gmt":"2026-09-02T02:31:52","slug":"laura-ramajo","status":"publish","type":"person","link":"https:\/\/ingenieria.udd.cl\/cisger\/persona\/laura-ramajo\/","featured_media":145,"template":"","people_tax":[4],"people_areas":[],"people_levels":[],"class_list":["post-51","person","type-person","status-publish","has-post-thumbnail","hentry","people_tax-investigadores-cisger"],"yoast_head":"<!-- This site is optimized with the Yoast SEO plugin v26.9 - https:\/\/yoast.com\/product\/yoast-seo-wordpress\/ -->\n<title>Laura Ramajo - Centro de Investigaci\u00f3n en Sustentabilidad y Gesti\u00f3n Estrat\u00e9gica<\/title>\n<meta name=\"robots\" content=\"index, follow, max-snippet:-1, max-image-preview:large, max-video-preview:-1\" \/>\n<link rel=\"canonical\" href=\"https:\/\/ingenieria.udd.cl\/cisger\/persona\/laura-ramajo\/\" \/>\n<meta property=\"og:locale\" content=\"es_ES\" \/>\n<meta property=\"og:type\" content=\"article\" \/>\n<meta property=\"og:title\" content=\"Laura Ramajo - Centro de Investigaci\u00f3n en Sustentabilidad y Gesti\u00f3n Estrat\u00e9gica\" \/>\n<meta property=\"og:url\" content=\"https:\/\/ingenieria.udd.cl\/cisger\/persona\/laura-ramajo\/\" \/>\n<meta property=\"og:site_name\" content=\"Centro de Investigaci\u00f3n en Sustentabilidad y Gesti\u00f3n Estrat\u00e9gica\" \/>\n<meta property=\"article:modified_time\" content=\"2026-09-02T02:31:52+00:00\" \/>\n<meta name=\"twitter:card\" content=\"summary_large_image\" \/>\n<script type=\"application\/ld+json\" class=\"yoast-schema-graph\">{\"@context\":\"https:\/\/schema.org\",\"@graph\":[{\"@type\":\"WebPage\",\"@id\":\"https:\/\/ingenieria.udd.cl\/cisger\/persona\/laura-ramajo\/\",\"url\":\"https:\/\/ingenieria.udd.cl\/cisger\/persona\/laura-ramajo\/\",\"name\":\"Laura Ramajo - Centro de Investigaci\u00f3n en Sustentabilidad y Gesti\u00f3n Estrat\u00e9gica\",\"isPartOf\":{\"@id\":\"https:\/\/ingenieria.udd.cl\/cisger\/#website\"},\"primaryImageOfPage\":{\"@id\":\"https:\/\/ingenieria.udd.cl\/cisger\/persona\/laura-ramajo\/#primaryimage\"},\"image\":{\"@id\":\"https:\/\/ingenieria.udd.cl\/cisger\/persona\/laura-ramajo\/#primaryimage\"},\"thumbnailUrl\":\"https:\/\/ingenieria.udd.cl\/cisger\/files\/2026\/09\/laura-ramajo.jpg\",\"datePublished\":\"2026-09-01T23:57:44+00:00\",\"dateModified\":\"2026-09-02T02:31:52+00:00\",\"breadcrumb\":{\"@id\":\"https:\/\/ingenieria.udd.cl\/cisger\/persona\/laura-ramajo\/#breadcrumb\"},\"inLanguage\":\"es\",\"potentialAction\":[{\"@type\":\"ReadAction\",\"target\":[\"https:\/\/ingenieria.udd.cl\/cisger\/persona\/laura-ramajo\/\"]}]},{\"@type\":\"ImageObject\",\"inLanguage\":\"es\",\"@id\":\"https:\/\/ingenieria.udd.cl\/cisger\/persona\/laura-ramajo\/#primaryimage\",\"url\":\"https:\/\/ingenieria.udd.cl\/cisger\/files\/2026\/09\/laura-ramajo.jpg\",\"contentUrl\":\"https:\/\/ingenieria.udd.cl\/cisger\/files\/2026\/09\/laura-ramajo.jpg\",\"width\":300,\"height\":296},{\"@type\":\"BreadcrumbList\",\"@id\":\"https:\/\/ingenieria.udd.cl\/cisger\/persona\/laura-ramajo\/#breadcrumb\",\"itemListElement\":[{\"@type\":\"ListItem\",\"position\":1,\"name\":\"Portada\",\"item\":\"https:\/\/ingenieria.udd.cl\/cisger\/\"},{\"@type\":\"ListItem\",\"position\":2,\"name\":\"Personas\",\"item\":\"https:\/\/ingenieria.udd.cl\/cisger\/persona\/\"},{\"@type\":\"ListItem\",\"position\":3,\"name\":\"Laura Ramajo\"}]},{\"@type\":\"WebSite\",\"@id\":\"https:\/\/ingenieria.udd.cl\/cisger\/#website\",\"url\":\"https:\/\/ingenieria.udd.cl\/cisger\/\",\"name\":\"Centro de Investigaci\u00f3n en Sustentabilidad y Gesti\u00f3n Estrat\u00e9gica\",\"description\":\"\",\"inLanguage\":\"es\"}]}<\/script>\n<!-- \/ Yoast SEO plugin. -->","yoast_head_json":{"title":"Laura Ramajo - Centro de Investigaci\u00f3n en Sustentabilidad y Gesti\u00f3n Estrat\u00e9gica","robots":{"index":"index","follow":"follow","max-snippet":"max-snippet:-1","max-image-preview":"max-image-preview:large","max-video-preview":"max-video-preview:-1"},"canonical":"https:\/\/ingenieria.udd.cl\/cisger\/persona\/laura-ramajo\/","og_locale":"es_ES","og_type":"article","og_title":"Laura Ramajo - Centro de Investigaci\u00f3n en Sustentabilidad y Gesti\u00f3n Estrat\u00e9gica","og_url":"https:\/\/ingenieria.udd.cl\/cisger\/persona\/laura-ramajo\/","og_site_name":"Centro de Investigaci\u00f3n en Sustentabilidad y Gesti\u00f3n Estrat\u00e9gica","article_modified_time":"2026-09-02T02:31:52+00:00","twitter_card":"summary_large_image","schema":{"@context":"https:\/\/schema.org","@graph":[{"@type":"WebPage","@id":"https:\/\/ingenieria.udd.cl\/cisger\/persona\/laura-ramajo\/","url":"https:\/\/ingenieria.udd.cl\/cisger\/persona\/laura-ramajo\/","name":"Laura Ramajo - Centro de Investigaci\u00f3n en Sustentabilidad y Gesti\u00f3n Estrat\u00e9gica","isPartOf":{"@id":"https:\/\/ingenieria.udd.cl\/cisger\/#website"},"primaryImageOfPage":{"@id":"https:\/\/ingenieria.udd.cl\/cisger\/persona\/laura-ramajo\/#primaryimage"},"image":{"@id":"https:\/\/ingenieria.udd.cl\/cisger\/persona\/laura-ramajo\/#primaryimage"},"thumbnailUrl":"https:\/\/ingenieria.udd.cl\/cisger\/files\/2026\/09\/laura-ramajo.jpg","datePublished":"2026-09-01T23:57:44+00:00","dateModified":"2026-09-02T02:31:52+00:00","breadcrumb":{"@id":"https:\/\/ingenieria.udd.cl\/cisger\/persona\/laura-ramajo\/#breadcrumb"},"inLanguage":"es","potentialAction":[{"@type":"ReadAction","target":["https:\/\/ingenieria.udd.cl\/cisger\/persona\/laura-ramajo\/"]}]},{"@type":"ImageObject","inLanguage":"es","@id":"https:\/\/ingenieria.udd.cl\/cisger\/persona\/laura-ramajo\/#primaryimage","url":"https:\/\/ingenieria.udd.cl\/cisger\/files\/2026\/09\/laura-ramajo.jpg","contentUrl":"https:\/\/ingenieria.udd.cl\/cisger\/files\/2026\/09\/laura-ramajo.jpg","width":300,"height":296},{"@type":"BreadcrumbList","@id":"https:\/\/ingenieria.udd.cl\/cisger\/persona\/laura-ramajo\/#breadcrumb","itemListElement":[{"@type":"ListItem","position":1,"name":"Portada","item":"https:\/\/ingenieria.udd.cl\/cisger\/"},{"@type":"ListItem","position":2,"name":"Personas","item":"https:\/\/ingenieria.udd.cl\/cisger\/persona\/"},{"@type":"ListItem","position":3,"name":"Laura Ramajo"}]},{"@type":"WebSite","@id":"https:\/\/ingenieria.udd.cl\/cisger\/#website","url":"https:\/\/ingenieria.udd.cl\/cisger\/","name":"Centro de Investigaci\u00f3n en Sustentabilidad y Gesti\u00f3n Estrat\u00e9gica","description":"","inLanguage":"es"}]}},"label":"Laura Ramajo","title":{"rendered":"Laura Ramajo"},"role":"Investigadora Adjunta | Cambio global, oc\u00e9anos, adaptaci\u00f3n y resiliencia","thumbnail_url":"https:\/\/ingenieria.udd.cl\/cisger\/files\/2026\/09\/laura-ramajo.jpg","email":"","tel_job":"","content":{"rendered":"<div class=\"person-modal person-modal--scl\">\n\t<header class=\"person-modal__header\">\n\t\t<div class=\"person-modal__bg\"><\/div>\n\t\t<div class=\"modal-container\">\n\t\t\t\t\t\t<div class=\"person-modal__media\">\n\t\t\t\t<img width=\"300\" height=\"296\" src=\"https:\/\/ingenieria.udd.cl\/cisger\/files\/2026\/09\/laura-ramajo-62x62.jpg\" class=\"person-modal__image wp-post-image lazyload\" alt=\"\" decoding=\"async\" loading=\"lazy\" sizes=\"auto, (max-width: 300px) 100vw, 300px\" data-src=\"https:\/\/ingenieria.udd.cl\/cisger\/files\/2026\/09\/laura-ramajo.jpg\" data-srcset=\"https:\/\/ingenieria.udd.cl\/cisger\/files\/2026\/09\/laura-ramajo.jpg 300w, https:\/\/ingenieria.udd.cl\/cisger\/files\/2026\/09\/laura-ramajo-62x62.jpg 62w\" \/>\t\t\t<\/div>\n\t\t\t\t\t\t<div class=\"person-modal__data\">\n\t\t\t\t<h1 class=\"person-modal__name\">Laura Ramajo<\/h1>\n\t\t\t\t\t\t\t<span class=\"person-modal__description\">Investigadora Adjunta | Cambio global, oc\u00e9anos, adaptaci\u00f3n y resiliencia<\/span>\n\t\t\t\t\t\t\t\t\t\t\t\t\t\t\t<\/div>\n\t\t<\/div>\n\t<\/header>\n\t<div class=\"modal-container\">\n\t\t\t<nav class=\"person-modal__links\">\n\t\t\t\t\t<a target=\"_blank\" href=\"https:\/\/scholar.google.com\/citations?user=eIh7APMAAAAJ\">Google Scholar<\/a>\n\t\t\t\t\t<a target=\"_blank\" href=\"https:\/\/orcid.org\/0000-0001-6707-685X\">ORCID<\/a>\n\t\t\t\t\t<a target=\"_blank\" href=\"https:\/\/cl.linkedin.com\/in\/laura-ramajo\">LinkedIn<\/a>\n\t\t\t\t<\/nav>\n\t\t\t<div class=\"person-modal__content text\">\n\t\t\t\t\t<p>Doctora en Cambio Global con m\u00e1s de quince a\u00f1os de trayectoria en investigaci\u00f3n clim\u00e1tica y sistemas socioecol\u00f3gicos marino-costeros. Su trabajo conecta cambio clim\u00e1tico, acidificaci\u00f3n oce\u00e1nica, adaptaci\u00f3n, resiliencia, servicios clim\u00e1ticos, pesca y acuicultura, m\u00e9tricas de adaptaci\u00f3n y soluciones basadas en la naturaleza. Ha participado adem\u00e1s en la interfaz ciencia-pol\u00edtica, incluido el IPCC. En CiSGER es uno de los anclajes de la l\u00ednea de Clima, Costas, Adaptaci\u00f3n y Resiliencia.<\/p>\n<p>L\u00edneas CiSGER: Principal L1 (Clima, adaptaci\u00f3n y resiliencia). Complementaria: L2.<\/p>\n<p>Publicaciones seleccionadas:<br \/>\n- Ramajo, L. et al. (2021). Estuarine conditions more than pH modulate the physiological flexibility of mussel Perumytilus purpuratus populations. Estuarine, Coastal and Shelf Science.<br \/>\n- Ramajo, L. et al. (2020). Upwelling intensity modulates the fitness and physiological performance of coastal species: implications for the aquaculture of the scallop Argopecten purpuratus. Science of the Total Environment.<br \/>\n- Grenier, C. et al. (2020). The combined effects of salinity and pH on shell biomineralization of the edible mussel Mytilus chilensis. Environmental Pollution.<br \/>\n- Autora del cap\u00edtulo Central and South America del IPCC AR6 WGII (2022).<\/p>\n<p>Investigaci\u00f3n y proyectos actuales:<br \/>\n- M\u00e9tricas de resiliencia y adaptaci\u00f3n clim\u00e1tica con Race to Resilience.<br \/>\n- Percepci\u00f3n de riesgo clim\u00e1tico en pesquer\u00edas chilenas, refugios clim\u00e1ticos socioecol\u00f3gicos y resiliencia de acuicultura y pesquer\u00edas.<br \/>\n- Integraci\u00f3n de observaciones oce\u00e1nicas; redes activas con IAI, CR2, IMEDEA-CSIC\/UIB, UNEP, FAO y Race to Resilience.<\/p>\n\t\t\t\t\t\t\t<ul>\n\t\t\t\t\t\t\t<li>Bi\u00f3loga<\/li>\n\t\t\t\t\t\t\t<li>Mag\u00edster en Ecolog\u00eda<\/li>\n\t\t\t\t\t\t<\/ul>\n\t\t\t\t\t\t\t\t<p>Bi\u00f3loga, Mag\u00edster en Ecolog\u00eda y Doctora en Cambio Global. Posee una trayectoria de m\u00e1s de quince a\u00f1os en investigaci\u00f3n sobre cambio clim\u00e1tico, sistemas socioecol\u00f3gicos marino-costeros, adaptaci\u00f3n y resiliencia. Su trabajo conecta acidificaci\u00f3n oce\u00e1nica, riesgos clim\u00e1ticos, pesca y acuicultura, servicios clim\u00e1ticos, m\u00e9tricas de adaptaci\u00f3n, soluciones basadas en la naturaleza y carbono azul. Ha participado en procesos cient\u00edficos internacionales y en la interfaz ciencia\u2013pol\u00edtica, incluyendo contribuciones al IPCC. En CiSGER fortalece la dimensi\u00f3n de clima, adaptaci\u00f3n y resiliencia con una perspectiva oce\u00e1nica, costera y socioecol\u00f3gica.<\/p>\n<p><strong>L\u00edneas CiSGER:<\/strong> Principal L1 (Clima, adaptaci\u00f3n y resiliencia). Complementaria: L2.<\/p>\n<p><strong>Publicaciones seleccionadas:<\/strong><\/p>\n<ul>\n<li>Ramajo, L. et al. (2021). Estuarine conditions more than pH modulate the physiological flexibility of mussel Perumytilus purpuratus populations. Estuarine, Coastal and Shelf Science.<\/li>\n<li>Ramajo, L. et al. (2020). Upwelling intensity modulates the fitness and physiological performance of coastal species: implications for the aquaculture of the scallop Argopecten purpuratus. Science of the Total Environment.<\/li>\n<li>Grenier, C. et al. (2020). The combined effects of salinity and pH on shell biomineralization of the edible mussel Mytilus chilensis. Environmental Pollution.<\/li>\n<li>Contribuci\u00f3n como autora al cap\u00edtulo Central and South America del IPCC AR6 WGII.<\/li>\n<\/ul>\n<p><strong>Proyectos destacados:<\/strong><\/p>\n<ul>\n<li>Investigaci\u00f3n sobre m\u00e9tricas de resiliencia y adaptaci\u00f3n clim\u00e1tica.<\/li>\n<li>Trabajo sobre percepci\u00f3n de riesgo clim\u00e1tico en pesquer\u00edas, refugios clim\u00e1ticos socioecol\u00f3gicos y resiliencia de acuicultura y pesquer\u00edas.<\/li>\n<li>Colaboraciones y redes con CR2, IAI, UNEP, FAO y Race to Resilience.<\/li>\n<\/ul>\n<p><strong>Perfiles acad\u00e9micos:<\/strong> <a href=\"https:\/\/scholar.google.com\/citations?user=eIh7APMAAAAJ\" target=\"_blank\" rel=\"noreferrer noopener\">Google Scholar<\/a> \u00b7 <a href=\"https:\/\/orcid.org\/0000-0001-6707-685X\" target=\"_blank\" rel=\"noreferrer noopener\">ORCID<\/a> \u00b7 <a href=\"https:\/\/cl.linkedin.com\/in\/laura-ramajo\" target=\"_blank\" rel=\"noreferrer noopener\">LinkedIn<\/a><\/p>\n\t\t<\/div>\n\t<\/div>\n<\/div>\n"},"identifier":"f6d6fc843e272915122d009ffffeb2cb59aa7293","has_credential":["Bi\u00f3loga","Mag\u00edster en Ecolog\u00eda"],"given_name":"Laura","family_name":"Ramajo","name":"Laura Ramajo","job_title":"Investigadora Adjunta | Cambio global, oc\u00e9anos, adaptaci\u00f3n y resiliencia","telephone":"","note":"Doctora en Cambio Global con m\u00e1s de quince a\u00f1os de trayectoria en investigaci\u00f3n clim\u00e1tica y sistemas socioecol\u00f3gicos marino-costeros. Su trabajo conecta cambio clim\u00e1tico, acidificaci\u00f3n oce\u00e1nica, adaptaci\u00f3n, resiliencia, servicios clim\u00e1ticos, pesca y acuicultura, m\u00e9tricas de adaptaci\u00f3n y soluciones basadas en la naturaleza. Ha participado adem\u00e1s en la interfaz ciencia-pol\u00edtica, incluido el IPCC. En CiSGER es uno de los anclajes de la l\u00ednea de Clima, Costas, Adaptaci\u00f3n y Resiliencia.\r\n\r\nL\u00edneas CiSGER: Principal L1 (Clima, adaptaci\u00f3n y resiliencia). Complementaria: L2.\r\n\r\nPublicaciones seleccionadas:\r\n- Ramajo, L. et al. (2021). Estuarine conditions more than pH modulate the physiological flexibility of mussel Perumytilus purpuratus populations. Estuarine, Coastal and Shelf Science.\r\n- Ramajo, L. et al. (2020). Upwelling intensity modulates the fitness and physiological performance of coastal species: implications for the aquaculture of the scallop Argopecten purpuratus. Science of the Total Environment.\r\n- Grenier, C. et al. (2020). The combined effects of salinity and pH on shell biomineralization of the edible mussel Mytilus chilensis. Environmental Pollution.\r\n- Autora del cap\u00edtulo Central and South America del IPCC AR6 WGII (2022).\r\n\r\nInvestigaci\u00f3n y proyectos actuales:\r\n- M\u00e9tricas de resiliencia y adaptaci\u00f3n clim\u00e1tica con Race to Resilience.\r\n- Percepci\u00f3n de riesgo clim\u00e1tico en pesquer\u00edas chilenas, refugios clim\u00e1ticos socioecol\u00f3gicos y resiliencia de acuicultura y pesquer\u00edas.\r\n- Integraci\u00f3n de observaciones oce\u00e1nicas; redes activas con IAI, CR2, IMEDEA-CSIC\/UIB, UNEP, FAO y Race to Resilience.","im":"","_self_schedule":null,"_links":{"self":[{"href":"https:\/\/ingenieria.udd.cl\/cisger\/wp-json\/wp\/v2\/people\/51","targetHints":{"allow":["GET"]}}],"collection":[{"href":"https:\/\/ingenieria.udd.cl\/cisger\/wp-json\/wp\/v2\/people"}],"about":[{"href":"https:\/\/ingenieria.udd.cl\/cisger\/wp-json\/wp\/v2\/types\/person"}],"wp:featuredmedia":[{"embeddable":true,"href":"https:\/\/ingenieria.udd.cl\/cisger\/wp-json\/wp\/v2\/media\/145"}],"wp:attachment":[{"href":"https:\/\/ingenieria.udd.cl\/cisger\/wp-json\/wp\/v2\/media?parent=51"}],"wp:term":[{"taxonomy":"people_tax","embeddable":true,"href":"https:\/\/ingenieria.udd.cl\/cisger\/wp-json\/wp\/v2\/people_tax?post=51"},{"taxonomy":"people_areas","embeddable":true,"href":"https:\/\/ingenieria.udd.cl\/cisger\/wp-json\/wp\/v2\/people_areas?post=51"},{"taxonomy":"people_levels","embeddable":true,"href":"https:\/\/ingenieria.udd.cl\/cisger\/wp-json\/wp\/v2\/people_levels?post=51"}],"curies":[{"name":"wp","href":"https:\/\/api.w.org\/{rel}","templated":true}]}}